{"id":141,"date":"2023-09-04T11:47:35","date_gmt":"2023-09-04T09:47:35","guid":{"rendered":"https:\/\/www3.poitiers-jeunes.com\/lesexpressifs2023\/?post_type=product&#038;p=141"},"modified":"2023-09-14T11:18:24","modified_gmt":"2023-09-14T09:18:24","slug":"limpromptu-cie","status":"publish","type":"product","link":"https:\/\/www3.poitiers-jeunes.com\/lesexpressifs2023\/spectacle\/limpromptu-cie\/","title":{"rendered":"L&rsquo;IMPROMPTU (Cie)"},"content":{"rendered":"<p><strong>Urban Native Music<\/strong><\/p>\n<p>Musique de rue<br \/>\nPoitiers (86)<br \/>\nCr\u00e9ation 2023<\/p>\n<p>Une d\u00e9ambulation \u00e0 deux roues et en live aux sonorit\u00e9s africaines et sud-am\u00e9ricaines, aux rythmes fi\u00e9vreux, ent\u00eatants, aux pulsions communicatives forg\u00e9es sur les traces du pass\u00e9. Avec leurs remixes \u00e9lectroniques, le duo de L&rsquo;Impromptu vous invite \u00e0 red\u00e9couvrir des classiques musicaux de ces continents mais aussi la richesse de la cr\u00e9ation d&rsquo;aujourd&rsquo;hui.<\/p>\n<p>En partenariat avec le Crous.<\/p>\n<p><a href=\"https:\/\/www.crous-poitiers.fr\/\"><img loading=\"lazy\" decoding=\"async\" class=\"wp-image-118 alignleft\" src=\"http:\/\/www3.poitiers-jeunes.com\/lesexpressifs2023\/files\/2023\/09\/crous_png-1024x1024.png\" alt=\"\" width=\"79\" height=\"79\" srcset=\"https:\/\/www3.poitiers-jeunes.com\/lesexpressifs2023\/files\/2023\/09\/crous_png-1024x1024.png 1024w, https:\/\/www3.poitiers-jeunes.com\/lesexpressifs2023\/files\/2023\/09\/crous_png-300x300.png 300w, https:\/\/www3.poitiers-jeunes.com\/lesexpressifs2023\/files\/2023\/09\/crous_png-150x150.png 150w, https:\/\/www3.poitiers-jeunes.com\/lesexpressifs2023\/files\/2023\/09\/crous_png-768x768.png 768w, https:\/\/www3.poitiers-jeunes.com\/lesexpressifs2023\/files\/2023\/09\/crous_png-90x90.png 90w, https:\/\/www3.poitiers-jeunes.com\/lesexpressifs2023\/files\/2023\/09\/crous_png-600x600.png 600w, https:\/\/www3.poitiers-jeunes.com\/lesexpressifs2023\/files\/2023\/09\/crous_png-100x100.png 100w, https:\/\/www3.poitiers-jeunes.com\/lesexpressifs2023\/files\/2023\/09\/crous_png-116x116.png 116w, https:\/\/www3.poitiers-jeunes.com\/lesexpressifs2023\/files\/2023\/09\/crous_png-50x50.png 50w, https:\/\/www3.poitiers-jeunes.com\/lesexpressifs2023\/files\/2023\/09\/crous_png.png 1134w\" sizes=\"auto, (max-width: 79px) 100vw, 79px\" \/><\/a><\/p>\n<p>&nbsp;<\/p>\n<p>&nbsp;<\/p>\n<p>&nbsp;<\/p>\n<p>S\u00e9ance le vendredi 06.10 de 12h30 \u00e0 13h30 \u00e0 l\u2019attention des \u00e9tudiant.es du Campus.<\/p>\n<p><a href=\"https:\/\/cielimpromptu.jimdofree.com\/urban-native-music\/\">https:\/\/cielimpromptu.jimdofree.com\/urban-native-music\/<\/a><\/p>\n<p>&nbsp;<\/p>\n<p><iframe loading=\"lazy\" src=\"\/\/www.youtube.com\/embed\/LOdoOI9a41U\" width=\"560\" height=\"314\" allowfullscreen=\"allowfullscreen\"><\/iframe><\/p>\n<p>&nbsp;<\/p>\n<table style=\"border-collapse: collapse; width: 100%; height: 72px;\">\n<tbody>\n<tr style=\"height: 24px;\">\n<td style=\"width: 50%; text-align: right; height: 24px;\"><strong>Horaire :<br \/>\n<\/strong><\/td>\n<td style=\"width: 50%; height: 24px;\"><strong>\u00a0Vendredi 12h30 et 21h00<br \/>\n<\/strong><\/td>\n<\/tr>\n<tr style=\"height: 24px;\">\n<td style=\"width: 50%; height: 24px; text-align: right;\"><strong>Lieu : <\/strong><\/td>\n<td style=\"width: 50%; height: 24px;\"><strong>\u00a011 et 5<br \/>\n<\/strong><\/td>\n<\/tr>\n<tr style=\"height: 24px;\">\n<td style=\"width: 50%; height: 24px; text-align: right;\"><strong>Dur\u00e9e :<br \/>\n<\/strong><\/td>\n<td style=\"width: 50%; height: 24px;\"><strong>\u00a01h00<\/strong><\/td>\n<\/tr>\n<\/tbody>\n<\/table>\n<p style=\"text-align: center;\"><a href=\"https:\/\/www3.poitiers-jeunes.com\/telechargements\/plan-expressifs-2023.jpg\">Lien vers le plan du festival.<\/a><\/p>\n","protected":false},"excerpt":{"rendered":"<p>Urban Native Music Musique de rue Poitiers (86) Cr\u00e9ation 2023 Une d\u00e9ambulation \u00e0 deux roues et en live aux sonorit\u00e9s africaines et sud-am\u00e9ricaines, aux rythmes fi\u00e9vreux, ent\u00eatants, aux pulsions communicatives [&hellip;]<\/p>\n","protected":false},"featured_media":282,"template":"","meta":[],"product_brand":[],"product_cat":[20],"product_tag":[26],"class_list":{"0":"post-141","1":"product","2":"type-product","3":"status-publish","4":"has-post-thumbnail","6":"product_cat-musique","7":"product_tag-vendredi","9":"first","10":"instock","11":"shipping-taxable","12":"product-type-simple"},"_links":{"self":[{"href":"https:\/\/www3.poitiers-jeunes.com\/lesexpressifs2023\/wp-json\/wp\/v2\/product\/141","targetHints":{"allow":["GET"]}}],"collection":[{"href":"https:\/\/www3.poitiers-jeunes.com\/lesexpressifs2023\/wp-json\/wp\/v2\/product"}],"about":[{"href":"https:\/\/www3.poitiers-jeunes.com\/lesexpressifs2023\/wp-json\/wp\/v2\/types\/product"}],"wp:featuredmedia":[{"embeddable":true,"href":"https:\/\/www3.poitiers-jeunes.com\/lesexpressifs2023\/wp-json\/wp\/v2\/media\/282"}],"wp:attachment":[{"href":"https:\/\/www3.poitiers-jeunes.com\/lesexpressifs2023\/wp-json\/wp\/v2\/media?parent=141"}],"wp:term":[{"taxonomy":"product_brand","embeddable":true,"href":"https:\/\/www3.poitiers-jeunes.com\/lesexpressifs2023\/wp-json\/wp\/v2\/product_brand?post=141"},{"taxonomy":"product_cat","embeddable":true,"href":"https:\/\/www3.poitiers-jeunes.com\/lesexpressifs2023\/wp-json\/wp\/v2\/product_cat?post=141"},{"taxonomy":"product_tag","embeddable":true,"href":"https:\/\/www3.poitiers-jeunes.com\/lesexpressifs2023\/wp-json\/wp\/v2\/product_tag?post=141"}],"curies":[{"name":"wp","href":"https:\/\/api.w.org\/{rel}","templated":true}]}}