{"id":110,"date":"2023-09-01T16:53:01","date_gmt":"2023-09-01T14:53:01","guid":{"rendered":"https:\/\/www3.poitiers-jeunes.com\/lesexpressifs2023\/?post_type=product&#038;p=110"},"modified":"2023-09-13T11:57:44","modified_gmt":"2023-09-13T09:57:44","slug":"ex-nihilo-cie","status":"publish","type":"product","link":"https:\/\/www3.poitiers-jeunes.com\/lesexpressifs2023\/spectacle\/ex-nihilo-cie\/","title":{"rendered":"Ex Nihilo (Cie)"},"content":{"rendered":"<p><strong>Extra Time<\/strong><\/p>\n<p>Performance<br \/>\nMarseille (13)<br \/>\nCr\u00e9ation 2022<\/p>\n<p>Extra Time joue avec un temps serr\u00e9, un temps restreint. Une structure prend forme, des pots de couleurs, comme des pinceaux en \u00e9quilibre, sont suspendus \u00e0 cet enchev\u00eatrement de planches, la peinture appara\u00eet, empreinte du temps qui s\u2019\u00e9coule. Sur sc\u00e8ne, un danseur et un com\u00e9dien, se r\u00e9pondent, tous deux t\u00e9moins\u00a0 de ce qui est en train de se construire ou de dispara\u00eetre au rythme d\u2019une musique \u00e9lectronique, qui joue le r\u00f4le d\u2019un sablier maintenant les deux performeurs dans une tension soutenue.<\/p>\n<p>\u00ab <em>Dans mes solos, la danse et la peinture sont intimement li\u00e9es. Je n\u2019ai pas de conception en amont de ce que je vais peindre. J\u2019aime jouer avec ce frisson de l\u2019inconnu et de la r\u00e9v\u00e9lation instantan\u00e9e de la peinture. Je travaille par couches, la notion d\u2019\u00e9paisseur est importante. Je me laisse surprendre par le m\u00e9lange des couleurs ou par les associations de mati\u00e8res. Je joue et je construis mes tableaux avec.\u00a0Extra Time est pour moi une m\u00e9taphore de notre soci\u00e9t\u00e9 en \u00e9quilibre, instable, sur la br\u00e8che, qui se cherche, \u00e0 la limite, sur le bord, pr\u00eate \u00e0 s\u2019effondrer laissant craindre le pire : la chute de l\u2019\u00e9difice.<\/em> \u00bb<\/p>\n<p>Conception et interpr\u00e9tation : Jean-Antoine Bigot<\/p>\n<p>Com\u00e9dien : Charles-Henri Despeignes<\/p>\n<p>Regard complice et bande-son : Anne Le Batard<\/p>\n<p><em>Dans le cadre du partenariat avec le Meta, une master classe est propos\u00e9e au master assistant \u00e0 la mise en sc\u00e8ne de la section Arts du Spectacle de l\u2019Universit\u00e9\u00a0de Poitiers.<\/em><\/p>\n<p><a href=\"https:\/\/le-meta.fr\/\"><img loading=\"lazy\" decoding=\"async\" class=\"alignleft wp-image-111\" src=\"http:\/\/www3.poitiers-jeunes.com\/lesexpressifs2023\/files\/2023\/09\/Logo-Meta-PDL-Copie-1024x550.png\" alt=\"\" width=\"126\" height=\"68\" srcset=\"https:\/\/www3.poitiers-jeunes.com\/lesexpressifs2023\/files\/2023\/09\/Logo-Meta-PDL-Copie-1024x550.png 1024w, https:\/\/www3.poitiers-jeunes.com\/lesexpressifs2023\/files\/2023\/09\/Logo-Meta-PDL-Copie-300x161.png 300w, https:\/\/www3.poitiers-jeunes.com\/lesexpressifs2023\/files\/2023\/09\/Logo-Meta-PDL-Copie-768x413.png 768w, https:\/\/www3.poitiers-jeunes.com\/lesexpressifs2023\/files\/2023\/09\/Logo-Meta-PDL-Copie-1536x825.png 1536w, https:\/\/www3.poitiers-jeunes.com\/lesexpressifs2023\/files\/2023\/09\/Logo-Meta-PDL-Copie-2048x1100.png 2048w, https:\/\/www3.poitiers-jeunes.com\/lesexpressifs2023\/files\/2023\/09\/Logo-Meta-PDL-Copie-600x322.png 600w, https:\/\/www3.poitiers-jeunes.com\/lesexpressifs2023\/files\/2023\/09\/Logo-Meta-PDL-Copie-216x116.png 216w\" sizes=\"auto, (max-width: 126px) 100vw, 126px\" \/><\/a><a href=\"https:\/\/www.univ-poitiers.fr\/\"><img loading=\"lazy\" decoding=\"async\" class=\"wp-image-112 alignleft\" src=\"http:\/\/www3.poitiers-jeunes.com\/lesexpressifs2023\/files\/2023\/09\/POITIERS-UNIVERSITE-LOGO2011-1024x768.jpg\" alt=\"\" width=\"91\" height=\"68\" srcset=\"https:\/\/www3.poitiers-jeunes.com\/lesexpressifs2023\/files\/2023\/09\/POITIERS-UNIVERSITE-LOGO2011-1024x768.jpg 1024w, https:\/\/www3.poitiers-jeunes.com\/lesexpressifs2023\/files\/2023\/09\/POITIERS-UNIVERSITE-LOGO2011-300x225.jpg 300w, https:\/\/www3.poitiers-jeunes.com\/lesexpressifs2023\/files\/2023\/09\/POITIERS-UNIVERSITE-LOGO2011-768x576.jpg 768w, https:\/\/www3.poitiers-jeunes.com\/lesexpressifs2023\/files\/2023\/09\/POITIERS-UNIVERSITE-LOGO2011-1536x1152.jpg 1536w, https:\/\/www3.poitiers-jeunes.com\/lesexpressifs2023\/files\/2023\/09\/POITIERS-UNIVERSITE-LOGO2011-2048x1536.jpg 2048w, https:\/\/www3.poitiers-jeunes.com\/lesexpressifs2023\/files\/2023\/09\/POITIERS-UNIVERSITE-LOGO2011-600x450.jpg 600w, https:\/\/www3.poitiers-jeunes.com\/lesexpressifs2023\/files\/2023\/09\/POITIERS-UNIVERSITE-LOGO2011-155x116.jpg 155w\" sizes=\"auto, (max-width: 91px) 100vw, 91px\" \/><\/a><\/p>\n<p>&nbsp;<\/p>\n<p>&nbsp;<\/p>\n<p>&nbsp;<\/p>\n<p>Mentions :<\/p>\n<p>Production\u00a0: Ex Nihilo.<\/p>\n<p>\u00ab R\u00e9sidence et Aide \u00e0 la cr\u00e9ation \u00bb : Atelier 231, Centre National des Arts de la Rue et de l\u2019Espace Public \u00e0 Sotteville-l\u00e8s-Rouen, 2angles &#8211; Relais culturel R\u00e9gional de Normandie \u00e0 Flers.<\/p>\n<p>Avec le soutien de KLAP Maison pour la danse \u00e0 Marseille qui soutien et accueille les expositions et performances de Jean-Antoine Bigot depuis 2012.<\/p>\n<p>La compagnie Ex Nihilo est conventionn\u00e9e par le minist\u00e8re de la Culture et de la Communication -Direction R\u00e9gionale des Affaires Culturelles de Provence-Alpes-C\u00f4te d\u2019Azur et par la Ville de Marseille, subventionn\u00e9e par la R\u00e9gion Sud, le Conseil d\u00e9partemental des Bouches-du-Rh\u00f4ne, soutenue pour ses projets internationaux par l\u2019Institut Fran\u00e7ais et la Ville de Marseille.<\/p>\n<p>Depuis 2021, Ex Nihilo est artiste associ\u00e9e au M\u00e9ta \u2013 CDN de Poitiers Nouvelle-Aquitaine (2021-2024) et au Crat\u00e8re &#8211; Sc\u00e8ne Nationale d\u2019Al\u00e8s (2021-2023).<\/p>\n<p>&nbsp;<\/p>\n<p><a href=\"https:\/\/www.exnihilodanse.com\/\">https:\/\/www.exnihilodanse.com\/<\/a><\/p>\n<p><a href=\"https:\/\/www.facebook.com\/exnihilodanse\/\">https:\/\/www.facebook.com\/exnihilodanse\/<\/a><\/p>\n<p><a href=\"https:\/\/www.instagram.com\/compagnie_exnihilo\/\">https:\/\/www.instagram.com\/compagnie_exnihilo\/<\/a><\/p>\n<p><a href=\"https:\/\/vimeo.com\/exnihilodanse\">https:\/\/vimeo.com\/exnihilodanse<\/a><\/p>\n<p>&nbsp;<\/p>\n<p>Cr\u00e9dit des photographies :<\/p>\n<p>Michel Wiart<\/p>\n<p>&nbsp;<\/p>\n<p><strong>Accessible aux personnes sourdes et malentendantes.<\/strong><\/p>\n<p>&nbsp;<\/p>\n<table style=\"border-collapse: collapse; width: 100%; height: 72px;\">\n<tbody>\n<tr style=\"height: 24px;\">\n<td style=\"width: 50%; text-align: right; height: 24px;\"><strong>Horaire :<br \/>\n<\/strong><\/td>\n<td style=\"width: 50%; height: 24px;\"><strong>\u00a0Samedi 14h00 et Dimanche 15h30<br \/>\n<\/strong><\/td>\n<\/tr>\n<tr style=\"height: 24px;\">\n<td style=\"width: 50%; height: 24px; text-align: right;\"><strong>Lieu : <\/strong><\/td>\n<td style=\"width: 50%; height: 24px;\"><strong>\u00a07<\/strong><\/td>\n<\/tr>\n<tr style=\"height: 24px;\">\n<td style=\"width: 50%; height: 24px; text-align: right;\"><strong>Dur\u00e9e :<br \/>\n<\/strong><\/td>\n<td style=\"width: 50%; height: 24px;\"><strong>\u00a045 min<br \/>\n<\/strong><\/td>\n<\/tr>\n<\/tbody>\n<\/table>\n<p style=\"text-align: center;\"><a href=\"https:\/\/www3.poitiers-jeunes.com\/telechargements\/plan-expressifs-2023.jpg\">Lien vers le plan du festival.<\/a><\/p>\n","protected":false},"excerpt":{"rendered":"<p>Extra Time Performance Marseille (13) Cr\u00e9ation 2022 Extra Time joue avec un temps serr\u00e9, un temps restreint. Une structure prend forme, des pots de couleurs, comme des pinceaux en \u00e9quilibre, [&hellip;]<\/p>\n","protected":false},"featured_media":195,"template":"","meta":[],"product_brand":[],"product_cat":[22,19,21],"product_tag":[25,24],"class_list":{"0":"post-110","1":"product","2":"type-product","3":"status-publish","4":"has-post-thumbnail","6":"product_cat-accessible-aux-personnes-sourdes-et-malentendantes","7":"product_cat-danse","8":"product_cat-theatre-performance","9":"product_tag-dimanche","10":"product_tag-samedi","12":"first","13":"instock","14":"shipping-taxable","15":"product-type-simple"},"_links":{"self":[{"href":"https:\/\/www3.poitiers-jeunes.com\/lesexpressifs2023\/wp-json\/wp\/v2\/product\/110","targetHints":{"allow":["GET"]}}],"collection":[{"href":"https:\/\/www3.poitiers-jeunes.com\/lesexpressifs2023\/wp-json\/wp\/v2\/product"}],"about":[{"href":"https:\/\/www3.poitiers-jeunes.com\/lesexpressifs2023\/wp-json\/wp\/v2\/types\/product"}],"wp:featuredmedia":[{"embeddable":true,"href":"https:\/\/www3.poitiers-jeunes.com\/lesexpressifs2023\/wp-json\/wp\/v2\/media\/195"}],"wp:attachment":[{"href":"https:\/\/www3.poitiers-jeunes.com\/lesexpressifs2023\/wp-json\/wp\/v2\/media?parent=110"}],"wp:term":[{"taxonomy":"product_brand","embeddable":true,"href":"https:\/\/www3.poitiers-jeunes.com\/lesexpressifs2023\/wp-json\/wp\/v2\/product_brand?post=110"},{"taxonomy":"product_cat","embeddable":true,"href":"https:\/\/www3.poitiers-jeunes.com\/lesexpressifs2023\/wp-json\/wp\/v2\/product_cat?post=110"},{"taxonomy":"product_tag","embeddable":true,"href":"https:\/\/www3.poitiers-jeunes.com\/lesexpressifs2023\/wp-json\/wp\/v2\/product_tag?post=110"}],"curies":[{"name":"wp","href":"https:\/\/api.w.org\/{rel}","templated":true}]}}