{"id":189,"date":"2022-09-06T09:27:51","date_gmt":"2022-09-06T07:27:51","guid":{"rendered":"https:\/\/www3.poitiers-jeunes.com\/lesexpressifs2022\/?post_type=product&#038;p=189"},"modified":"2022-09-30T09:19:53","modified_gmt":"2022-09-30T07:19:53","slug":"toma-sidibe","status":"publish","type":"product","link":"https:\/\/www3.poitiers-jeunes.com\/lesexpressifs2022\/spectacle\/toma-sidibe\/","title":{"rendered":"Toma Sidib\u00e9"},"content":{"rendered":"<p>Globule d\u2019Air<\/p>\n<p>Spectacle musical et sign\u00e9<\/p>\n<p>Poitiers (86)<br \/>\nen partenariat avec un H\u00f4pital pour les enfants<\/p>\n<p>&nbsp;<\/p>\n<p>J\u2019ai l\u2019honneur d\u2019\u00eatre le parrain de l\u2019association \u00ab Un H\u00f4pital Pour les Enfants \u00bb depuis l\u2019ann\u00e9e 2009.<\/p>\n<p>J\u2019ai d\u00e9couvert gr\u00e2ce \u00e0 cette association l\u2019importance de soutenir les enfants hospitalis\u00e9s ainsi que leurs familles. J\u2019interviens r\u00e9guli\u00e8rement dans les chambres des enfants depuis cette p\u00e9riode. C\u2019est \u00e0 chaque fois une nouvelle aventure\u2026 on ne sait jamais trop dans quelle disposition le jeune va se trouver \u2026 faudra-t-il le consoler avec de tendres m\u00e9lodies ou l\u2019ambiancer avec une chanson qui fait groover ? Quel instrument lui fera le plus de bien, la guitare, le handpan, la percussion ? Sera-t-il en capacit\u00e9 de participer activement ou sera-t-il plus passif ? Ce qui est s\u00fbr, c\u2019est qu\u2019\u00e0 chaque fois que je vais \u00e0 la rencontre d\u2019un enfant et de sa famille, je suis arm\u00e9 d\u2019amour, de tendresse et d\u2019empathie. Je lui propose une bulle d\u2019air, un instant d\u2019\u00e9vasion et de complicit\u00e9 intense pour le sortir de son quotidien souvent difficile.<\/p>\n<p>&nbsp;<\/p>\n<p>Pour 2021\/2022, \u00ab Un H\u00f4pital Pour les Enfants \u00bb\u00a0 m\u2019a propos\u00e9 de mener une r\u00e9sidence au sein de la structure afin de cr\u00e9er avec les enfants une s\u00e9rie de chansons. J\u2019ai pris un plaisir immense \u00e0 \u00e9couter ce qu\u2019ils avaient sur le c\u0153ur ! Nous avons essay\u00e9 de faire rimer leurs maux, de faire sonner leurs inqui\u00e9tudes et faire danser leurs espoirs. \u00c2g\u00e9s de 3 \u00e0 18 ans, les jeunes se sont livr\u00e9s, ils ont cherch\u00e9, invent\u00e9, chant\u00e9, parfois dans\u00e9\u2026 Un joli r\u00e9pertoire de chansons, tant\u00f4t dr\u00f4les tant\u00f4t poignantes, a \u00e9t\u00e9 \u00e9crit en chambre ou \u00e0 \u00ab l\u2019espace ado \u00bb (lieu de rencontre, de jeu et de vie) durant cette r\u00e9sidence. L\u2019id\u00e9e est alors venue de cr\u00e9er \u00ab Globule d\u2019air \u00bb un spectacle musical et sign\u00e9, \u00e0 partir de ces chansons!<\/p>\n<p>&nbsp;<\/p>\n<p>J\u2019ai eu envie de proposer une formule sc\u00e9nique sensible et intimiste, c\u2019est pourquoi j\u2019ai fait appel \u00e0 Laurent Sureau, multi-instrumentiste talentueux qui, du handpan \u00e0 la percussion, sait faire vivre les sons et faire vibrer nos c\u0153urs. J\u2019ai \u00e9galement convi\u00e9 Seb de la \u00ab Team Sign Event \u00bb, qui apportera avec le \u00ab chansigne \u00bb un visuel fort et dynamique! Sur sc\u00e8ne nait une complicit\u00e9 artistique g\u00e9n\u00e9reuse qui donnera envie au public de chanter \u00e0 pleins poumons les mots des m\u00f4mes, et l\u2019emm\u00e8nera le temps d\u2019un concert dans un grand \u00ab Globule d\u2019air \u00bb !<\/p>\n<p>&nbsp;<\/p>\n<p>Toma Sidib\u00e9<\/p>\n<p>&nbsp;<\/p>\n<p>Distribution :<\/p>\n<p>Toma Sidib\u00e9 (guitare, chant)<\/p>\n<p>Laurent Sureau (handpan, percussions)<\/p>\n<p>Sebastien Barty \u00ab Team Sign Events \u00bb (chant, chansigne)<\/p>\n<p>&nbsp;<\/p>\n<p>Spectacle produit par l&rsquo;association SEYA et soutenu\/financ\u00e9 par l&rsquo;association \u00ab\u00a0Un H\u00f4pital\u00a0pour les Enfants\u00a0\u00bb<\/p>\n<p>&nbsp;<\/p>\n<table style=\"border-collapse: collapse; width: 100%;\">\n<tbody>\n<tr>\n<td style=\"width: 49.9637%; text-align: right;\"><strong> Horaire :<\/strong><\/td>\n<td style=\"width: 50.0363%;\"><strong>Dimanche 16h30<\/strong><\/td>\n<\/tr>\n<tr>\n<td style=\"width: 49.9637%; text-align: right;\"><strong> Lieu :<\/strong><\/td>\n<td style=\"width: 50.0363%;\"><strong>Cour arri\u00e8re de l&rsquo;H\u00f4tel de Ville<br \/>\n<\/strong><\/td>\n<\/tr>\n<tr>\n<td style=\"width: 49.9637%; text-align: right;\"><strong> Dur\u00e9e :<\/strong><\/td>\n<td style=\"width: 50.0363%;\"><strong>1h<\/strong><\/td>\n<\/tr>\n<\/tbody>\n<\/table>\n","protected":false},"excerpt":{"rendered":"<p>Globule d\u2019Air Spectacle musical et sign\u00e9 Poitiers (86) en partenariat avec un H\u00f4pital pour les enfants &nbsp; J\u2019ai l\u2019honneur d\u2019\u00eatre le parrain de l\u2019association \u00ab Un H\u00f4pital Pour les Enfants [&hellip;]<\/p>\n","protected":false},"featured_media":190,"template":"","meta":[],"product_brand":[],"product_cat":[21,20],"product_tag":[24],"class_list":{"0":"post-189","1":"product","2":"type-product","3":"status-publish","4":"has-post-thumbnail","6":"product_cat-autre","7":"product_cat-musique","8":"product_tag-dimanche","10":"first","11":"instock","12":"shipping-taxable","13":"product-type-simple"},"_links":{"self":[{"href":"https:\/\/www3.poitiers-jeunes.com\/lesexpressifs2022\/wp-json\/wp\/v2\/product\/189","targetHints":{"allow":["GET"]}}],"collection":[{"href":"https:\/\/www3.poitiers-jeunes.com\/lesexpressifs2022\/wp-json\/wp\/v2\/product"}],"about":[{"href":"https:\/\/www3.poitiers-jeunes.com\/lesexpressifs2022\/wp-json\/wp\/v2\/types\/product"}],"wp:featuredmedia":[{"embeddable":true,"href":"https:\/\/www3.poitiers-jeunes.com\/lesexpressifs2022\/wp-json\/wp\/v2\/media\/190"}],"wp:attachment":[{"href":"https:\/\/www3.poitiers-jeunes.com\/lesexpressifs2022\/wp-json\/wp\/v2\/media?parent=189"}],"wp:term":[{"taxonomy":"product_brand","embeddable":true,"href":"https:\/\/www3.poitiers-jeunes.com\/lesexpressifs2022\/wp-json\/wp\/v2\/product_brand?post=189"},{"taxonomy":"product_cat","embeddable":true,"href":"https:\/\/www3.poitiers-jeunes.com\/lesexpressifs2022\/wp-json\/wp\/v2\/product_cat?post=189"},{"taxonomy":"product_tag","embeddable":true,"href":"https:\/\/www3.poitiers-jeunes.com\/lesexpressifs2022\/wp-json\/wp\/v2\/product_tag?post=189"}],"curies":[{"name":"wp","href":"https:\/\/api.w.org\/{rel}","templated":true}]}}