{"id":154,"date":"2022-09-05T14:52:08","date_gmt":"2022-09-05T12:52:08","guid":{"rendered":"https:\/\/www3.poitiers-jeunes.com\/lesexpressifs2022\/?post_type=product&#038;p=154"},"modified":"2022-09-08T11:13:50","modified_gmt":"2022-09-08T09:13:50","slug":"la-debordante-cie","status":"publish","type":"product","link":"https:\/\/www3.poitiers-jeunes.com\/lesexpressifs2022\/spectacle\/la-debordante-cie\/","title":{"rendered":"La D\u00e9bordante (Cie)"},"content":{"rendered":"<h2>Ce qui m\u2019est d\u00fb en LSF<\/h2>\n<p>Th\u00e9\u00e2tre et danse<\/p>\n<p>Pantin (93)<\/p>\n<p>Ce qui m\u2019est d\u00fb en LSF est un moment de th\u00e9\u00e2tre chor\u00e9graphique qui part de l\u2019intime et du corps pour questionner cr\u00fbment le politique. Quelle est notre place dans la soci\u00e9t\u00e9, quelle est notre responsabilit\u00e9 face \u00e0 la crise \u00e9cologique que nous traversons?<\/p>\n<p>C\u2019est une rencontre : un com\u00e9dien se fait porte-parole d\u2019une danseuse, jeune femme et citoyenne. Celle-ci laisse circuler les mots autour d\u2019elle et en prend parfois quelques-uns \u00e0 bras le corps. Tr\u00e8s personnel et g\u00e9n\u00e9rationnel mais aux potentialit\u00e9s universelles, le duo remet en cause notre syst\u00e8me globalis\u00e9 et nous interroge sur le sens de nos vies.<\/p>\n<p>Avec beaucoup de justesse et de simplicit\u00e9, ce spectacle parle de nous. De notre l\u00e2chet\u00e9 \u00e0 nos prises de conscience au d\u00e9tour d\u2019une conversation ou d\u2019une conf\u00e9rence, tout y est. Si l\u2019inqui\u00e9tude \u00e0 propos des effets du r\u00e9chauffement climatique est omnipr\u00e9sente, pas de discours moralisateur pour autant. Mais le sentiment d\u2019urgence absolue, qu\u2019exprime ce corps qui danse, nous met en mouvement.<\/p>\n<p>&nbsp;<\/p>\n<p>A partir de 10 ans<\/p>\n<p>&nbsp;<\/p>\n<p>Avec : H\u00e9loise Desfarges, Antoine Raimondi, Olivier Calcada<\/p>\n<p>Ecriture : H\u00e9loise Desfarges, Antoine Raimondi, J\u00e9r\u00e9mie Bergerac et l\u2019accompagnement d\u2019Emmanuelle Laborit et Jenifer Lesage-David pour la version LSF.<\/p>\n<p>Accompagnement artistique : J\u00e9r\u00e9mie Bergerac<\/p>\n<p>Photos et vid\u00e9os : Sileks<\/p>\n<p>Avec le soutien de : IVT-International Visual Theatre (Paris), Quai des Arts (Pornichet), Curry Vavart (Paris), le Jardin d\u2019Alice (Montreuil), Animakt (Saulx-les-Chartreux), le Nouveau Relax (Chaumont), la Bobine (Grenoble)<\/p>\n<p>&nbsp;<\/p>\n<p><a href=\"https:\/\/ladebordante.com\/\"><span style=\"color: #3366ff;\">https:\/\/ladebordante.com\/<\/span><\/a><\/p>\n<p>&nbsp;<\/p>\n<table style=\"border-collapse: collapse; width: 100%;\">\n<tbody>\n<tr>\n<td style=\"width: 49.9637%; text-align: right;\"><strong> Horaire :<\/strong><\/td>\n<td style=\"width: 50.0363%;\"><strong>Samedi 16h<\/strong><\/p>\n<p><strong>Dimanche 16h30<\/strong><\/td>\n<\/tr>\n<tr>\n<td style=\"width: 49.9637%; text-align: right;\"><strong> Lieu :<\/strong><\/td>\n<td style=\"width: 50.0363%;\"><strong>Parvis de la Facult\u00e9 &#8211; Pl. Charles de Gaulle<\/strong><br \/>\n<strong>(\u00e0 c\u00f4t\u00e9 de l\u2019Office du Tourisme)<br \/>\n<\/strong><\/p>\n<p><strong>Pl. du Mal Leclerc<br \/>\n<\/strong><\/td>\n<\/tr>\n<tr>\n<td style=\"width: 49.9637%; text-align: right;\"><strong> Dur\u00e9e :<\/strong><\/td>\n<td style=\"width: 50.0363%;\"><strong>1h<\/strong><\/td>\n<\/tr>\n<\/tbody>\n<\/table>\n","protected":false},"excerpt":{"rendered":"<p>Ce qui m\u2019est d\u00fb en LSF Th\u00e9\u00e2tre et danse Pantin (93) Ce qui m\u2019est d\u00fb en LSF est un moment de th\u00e9\u00e2tre chor\u00e9graphique qui part de l\u2019intime et du corps [&hellip;]<\/p>\n","protected":false},"featured_media":155,"template":"","meta":[],"product_brand":[],"product_cat":[19,18],"product_tag":[24,23],"class_list":{"0":"post-154","1":"product","2":"type-product","3":"status-publish","4":"has-post-thumbnail","6":"product_cat-danse","7":"product_cat-theatre","8":"product_tag-dimanche","9":"product_tag-samedi","11":"first","12":"instock","13":"shipping-taxable","14":"product-type-simple"},"_links":{"self":[{"href":"https:\/\/www3.poitiers-jeunes.com\/lesexpressifs2022\/wp-json\/wp\/v2\/product\/154","targetHints":{"allow":["GET"]}}],"collection":[{"href":"https:\/\/www3.poitiers-jeunes.com\/lesexpressifs2022\/wp-json\/wp\/v2\/product"}],"about":[{"href":"https:\/\/www3.poitiers-jeunes.com\/lesexpressifs2022\/wp-json\/wp\/v2\/types\/product"}],"wp:featuredmedia":[{"embeddable":true,"href":"https:\/\/www3.poitiers-jeunes.com\/lesexpressifs2022\/wp-json\/wp\/v2\/media\/155"}],"wp:attachment":[{"href":"https:\/\/www3.poitiers-jeunes.com\/lesexpressifs2022\/wp-json\/wp\/v2\/media?parent=154"}],"wp:term":[{"taxonomy":"product_brand","embeddable":true,"href":"https:\/\/www3.poitiers-jeunes.com\/lesexpressifs2022\/wp-json\/wp\/v2\/product_brand?post=154"},{"taxonomy":"product_cat","embeddable":true,"href":"https:\/\/www3.poitiers-jeunes.com\/lesexpressifs2022\/wp-json\/wp\/v2\/product_cat?post=154"},{"taxonomy":"product_tag","embeddable":true,"href":"https:\/\/www3.poitiers-jeunes.com\/lesexpressifs2022\/wp-json\/wp\/v2\/product_tag?post=154"}],"curies":[{"name":"wp","href":"https:\/\/api.w.org\/{rel}","templated":true}]}}