{"id":152,"date":"2022-09-05T14:45:02","date_gmt":"2022-09-05T12:45:02","guid":{"rendered":"https:\/\/www3.poitiers-jeunes.com\/lesexpressifs2022\/?post_type=product&#038;p=152"},"modified":"2022-09-08T12:17:05","modified_gmt":"2022-09-08T10:17:05","slug":"kuzu","status":"publish","type":"product","link":"https:\/\/www3.poitiers-jeunes.com\/lesexpressifs2022\/spectacle\/kuzu\/","title":{"rendered":"KUZU"},"content":{"rendered":"<p>Punk hardcore<\/p>\n<p>Poitiers (86)<\/p>\n<p>&nbsp;<\/p>\n<p>Le kuzu (ou kudzu) est une plante asiatique utilis\u00e9e pour accompagner des sevrages d\u2019addictions (alcool, tabac\u2026), en favorisant notamment la g\u00e9n\u00e9ration de dopamine. KUZU, c\u2019est \u00e0 peu pr\u00e8s la m\u00eame chose mais en version punk hardcore made in Poitiers. Lib\u00e9rez-vous sur une instrumentale dynamique et des textes plut\u00f4t \u00e9nerv\u00e9s.<\/p>\n<p>&nbsp;<\/p>\n<table style=\"border-collapse: collapse; width: 100%;\">\n<tbody>\n<tr>\n<td style=\"width: 49.9637%; text-align: right;\"><strong> Horaire :<\/strong><\/td>\n<td style=\"width: 50.0363%;\"><strong>Jeudi 22h45<br \/>\n<\/strong><\/td>\n<\/tr>\n<tr>\n<td style=\"width: 49.9637%; text-align: right;\"><strong> Lieu :<\/strong><\/td>\n<td style=\"width: 50.0363%;\"><strong>Parvis du March\u00e9 &#8211; Pl. Charles de Gaulle<\/strong><\/td>\n<\/tr>\n<tr>\n<td style=\"width: 49.9637%; text-align: right;\"><strong> Dur\u00e9e :<\/strong><\/td>\n<td style=\"width: 50.0363%;\"><strong>20 min<\/strong><\/td>\n<\/tr>\n<\/tbody>\n<\/table>\n","protected":false},"excerpt":{"rendered":"<p>Punk hardcore Poitiers (86) &nbsp; Le kuzu (ou kudzu) est une plante asiatique utilis\u00e9e pour accompagner des sevrages d\u2019addictions (alcool, tabac\u2026), en favorisant notamment la g\u00e9n\u00e9ration de dopamine. KUZU, c\u2019est [&hellip;]<\/p>\n","protected":false},"featured_media":153,"template":"","meta":[],"product_brand":[],"product_cat":[20],"product_tag":[22],"class_list":{"0":"post-152","1":"product","2":"type-product","3":"status-publish","4":"has-post-thumbnail","6":"product_cat-musique","7":"product_tag-jeudi","9":"first","10":"instock","11":"shipping-taxable","12":"product-type-simple"},"_links":{"self":[{"href":"https:\/\/www3.poitiers-jeunes.com\/lesexpressifs2022\/wp-json\/wp\/v2\/product\/152","targetHints":{"allow":["GET"]}}],"collection":[{"href":"https:\/\/www3.poitiers-jeunes.com\/lesexpressifs2022\/wp-json\/wp\/v2\/product"}],"about":[{"href":"https:\/\/www3.poitiers-jeunes.com\/lesexpressifs2022\/wp-json\/wp\/v2\/types\/product"}],"wp:featuredmedia":[{"embeddable":true,"href":"https:\/\/www3.poitiers-jeunes.com\/lesexpressifs2022\/wp-json\/wp\/v2\/media\/153"}],"wp:attachment":[{"href":"https:\/\/www3.poitiers-jeunes.com\/lesexpressifs2022\/wp-json\/wp\/v2\/media?parent=152"}],"wp:term":[{"taxonomy":"product_brand","embeddable":true,"href":"https:\/\/www3.poitiers-jeunes.com\/lesexpressifs2022\/wp-json\/wp\/v2\/product_brand?post=152"},{"taxonomy":"product_cat","embeddable":true,"href":"https:\/\/www3.poitiers-jeunes.com\/lesexpressifs2022\/wp-json\/wp\/v2\/product_cat?post=152"},{"taxonomy":"product_tag","embeddable":true,"href":"https:\/\/www3.poitiers-jeunes.com\/lesexpressifs2022\/wp-json\/wp\/v2\/product_tag?post=152"}],"curies":[{"name":"wp","href":"https:\/\/api.w.org\/{rel}","templated":true}]}}