{"id":124,"date":"2022-09-05T12:08:07","date_gmt":"2022-09-05T10:08:07","guid":{"rendered":"https:\/\/www3.poitiers-jeunes.com\/lesexpressifs2022\/?post_type=product&#038;p=124"},"modified":"2022-09-08T12:29:08","modified_gmt":"2022-09-08T10:29:08","slug":"erebe","status":"publish","type":"product","link":"https:\/\/www3.poitiers-jeunes.com\/lesexpressifs2022\/spectacle\/erebe\/","title":{"rendered":"EREBE"},"content":{"rendered":"<p>Post metal<\/p>\n<p>Poitiers (86)<\/p>\n<p>&nbsp;<\/p>\n<p>EREBE concilie des atmosph\u00e8res \u00e9th\u00e9r\u00e9es h\u00e9rit\u00e9es du post-rock avec un m\u00e9tal progressif \u00e9nergique, s&rsquo;inspirant parfois de musiques plus extr\u00eames. Les compositions naviguent \u00e0 la limite de la tonalit\u00e9 \u00e0 travers une instrumentation o\u00f9 synth\u00e9s analogiques, guitares acoustiques et cuivres fusionnent avec les instruments du groupe et les harmonies \u00e0 trois voix.<\/p>\n<p>&nbsp;<\/p>\n<p><a href=\"https:\/\/silentfuture.se\/artist\/erebe\/\"><span style=\"color: #3366ff;\">https:\/\/silentfuture.se\/artist\/erebe\/<\/span><\/a><\/p>\n<p>&nbsp;<\/p>\n<p><iframe loading=\"lazy\" src=\"\/\/www.youtube.com\/embed\/1afi3OIT5RU?ab_channel=Nordvis\" width=\"560\" height=\"314\" allowfullscreen=\"allowfullscreen\"><\/iframe><\/p>\n<p>&nbsp;<\/p>\n<table style=\"border-collapse: collapse; width: 100%;\">\n<tbody>\n<tr>\n<td style=\"width: 49.9637%; text-align: right;\"><strong> Horaire :<\/strong><\/td>\n<td style=\"width: 50.0363%;\"><strong>Samedi 00h15<\/strong><\/td>\n<\/tr>\n<tr>\n<td style=\"width: 49.9637%; text-align: right;\"><strong> Lieu :<\/strong><\/td>\n<td style=\"width: 50.0363%;\"><strong>Parvis du March\u00e9 &#8211; Pl. Charles de Gaulle<\/strong><\/td>\n<\/tr>\n<tr>\n<td style=\"width: 49.9637%; text-align: right;\"><strong> Dur\u00e9e :<\/strong><\/td>\n<td style=\"width: 50.0363%;\"><strong>45 min<\/strong><\/td>\n<\/tr>\n<\/tbody>\n<\/table>\n","protected":false},"excerpt":{"rendered":"<p>Post metal Poitiers (86) &nbsp; EREBE concilie des atmosph\u00e8res \u00e9th\u00e9r\u00e9es h\u00e9rit\u00e9es du post-rock avec un m\u00e9tal progressif \u00e9nergique, s&rsquo;inspirant parfois de musiques plus extr\u00eames. Les compositions naviguent \u00e0 la limite [&hellip;]<\/p>\n","protected":false},"featured_media":126,"template":"","meta":[],"product_brand":[],"product_cat":[20],"product_tag":[23],"class_list":{"0":"post-124","1":"product","2":"type-product","3":"status-publish","4":"has-post-thumbnail","6":"product_cat-musique","7":"product_tag-samedi","9":"first","10":"instock","11":"shipping-taxable","12":"product-type-simple"},"_links":{"self":[{"href":"https:\/\/www3.poitiers-jeunes.com\/lesexpressifs2022\/wp-json\/wp\/v2\/product\/124","targetHints":{"allow":["GET"]}}],"collection":[{"href":"https:\/\/www3.poitiers-jeunes.com\/lesexpressifs2022\/wp-json\/wp\/v2\/product"}],"about":[{"href":"https:\/\/www3.poitiers-jeunes.com\/lesexpressifs2022\/wp-json\/wp\/v2\/types\/product"}],"wp:featuredmedia":[{"embeddable":true,"href":"https:\/\/www3.poitiers-jeunes.com\/lesexpressifs2022\/wp-json\/wp\/v2\/media\/126"}],"wp:attachment":[{"href":"https:\/\/www3.poitiers-jeunes.com\/lesexpressifs2022\/wp-json\/wp\/v2\/media?parent=124"}],"wp:term":[{"taxonomy":"product_brand","embeddable":true,"href":"https:\/\/www3.poitiers-jeunes.com\/lesexpressifs2022\/wp-json\/wp\/v2\/product_brand?post=124"},{"taxonomy":"product_cat","embeddable":true,"href":"https:\/\/www3.poitiers-jeunes.com\/lesexpressifs2022\/wp-json\/wp\/v2\/product_cat?post=124"},{"taxonomy":"product_tag","embeddable":true,"href":"https:\/\/www3.poitiers-jeunes.com\/lesexpressifs2022\/wp-json\/wp\/v2\/product_tag?post=124"}],"curies":[{"name":"wp","href":"https:\/\/api.w.org\/{rel}","templated":true}]}}