{"id":1292,"date":"2021-09-06T15:01:35","date_gmt":"2021-09-06T13:01:35","guid":{"rendered":"http:\/\/www3.poitiers-jeunes.com\/lesexpressifs2021\/?post_type=product&#038;p=1292"},"modified":"2021-09-16T16:34:01","modified_gmt":"2021-09-16T14:34:01","slug":"o-captain-mon-capitaine-cie","status":"publish","type":"product","link":"http:\/\/www3.poitiers-jeunes.com\/lesexpressifs2021\/spectacle\/o-captain-mon-capitaine-cie\/","title":{"rendered":"\u00d4 Captain mon Capitaine (Cie)"},"content":{"rendered":"<h2>Queen-a-man<\/h2>\n<p>Th\u00e9\u00e2tre de corps et d&rsquo;objets<br \/>\nAbbaretz (44)<\/p>\n<p>&nbsp;<\/p>\n<p>Le 24 novembre 1991, Farrokh Bulsara d\u00e9c\u00e8de, des suites du Sida. Trente ans plus tard, l&rsquo;\u00e9quipe masculine de majorettes Queen-A-Man, men\u00e9e par leur capitaine bretonne, d\u00e9cide de lui rendre hommage et cr\u00e9e un spectacle en son honneur.<\/p>\n<p>V\u00eatus de jeans customis\u00e9s et marcel blancs moulants, moustaches et b\u00e2tons au vent, ils d\u00e9dient leur show \u00e0 Farrohk, mieux connu sous le nom de&#8230; Freddie Mercury, chanteur et leader charismatique du non moins mythique groupe de rock Queen.\u200b<\/p>\n<p>Sur les morceaux d&rsquo;anthologie de ce groupe mondialement c\u00e9l\u00e8bre, ils vont parader afin que cette date anniversaire soit c\u00e9l\u00e9br\u00e9e comme il se doit : avec chor\u00e9graphies, lanc\u00e9s de b\u00e2ton breton, percussions urbaines, sourires et choeurs moustachus, rock&rsquo;n&rsquo;roll attitude\u2026 pour partager un vrai moment d&rsquo;all\u00e9gresse parmi la population.<\/p>\n<p>Freddie Mercury, figure hors norme, avait seulement 45 ans quand il s&rsquo;est \u00e9teint. C&rsquo;est aussi la moyenne d&rsquo;\u00e2ge de l&rsquo;\u00e9quipe de Queen-A-Man: un hommage burlesque et charg\u00e9 d&rsquo;\u00e9motion par des fans pas tout jeunes&#8230; mais pas si vieux !<\/p>\n<p>Direction artistique: C\u00e9cile Le Guern et Cyrille G\u00e9rard<br \/>\nChor\u00e9graphie\/\u00e9criture\/formation majorette: Eric Martin<br \/>\nCoach de b\u00e2ton: Cyrille G\u00e9rard<br \/>\nInterpr\u00e9tation : C\u00e9cile Le Guern, Cyrille G\u00e9rard, Samuel Augustin, Olivier Clenet, Denis Fayon, Anthony Fougeray, Mario Hochet, Fran\u00e7ois Pacory<\/p>\n<p>Co-productions confirm\u00e9es au 1er janvier 2021 : L&rsquo;Intervalle &#8211; Sc\u00e8ne de Territoire pour la Danse \u00e0 Noyal sur Vilaine (35), L&rsquo;Entracte &#8211; Sc\u00e8ne Conventionn\u00e9e d\u2019Int\u00e9r\u00eat National \u2013 Art en Territoire \u00e0 Sabl\u00e9 sur Sarthe (72), Picnic Production &#8211; Angers (49), avec le soutien de la Ville de Gu\u00e9men\u00e9-Penfao (44)<br \/>\n<strong><em>Co-Producteurs 2020 : <\/em><\/strong><em>L&rsquo;Intervalle &#8211; Sc\u00e8ne de Territoire pour la Danse \u00e0 Noyal sur Vilaine (35) <\/em><em>\/ Picnic Production &#8211; Angers (49) \/ L&rsquo;Entracte &#8211; Sc\u00e8ne Conventionn\u00e9e d\u2019Int\u00e9r\u00eat National \u2013 Art en Territoire \u00e0 Sabl\u00e9 sur Sarthe (72)<br \/>\n<\/em><strong><em>Avec le soutien de : <\/em><\/strong><em>Ville de Gu\u00e9men\u00e9-Penfao (44), La R\u00e9gion des Pays de La Loire, Le Conseil D\u00e9partemental de Loire Atlantique<\/em><\/p>\n<p><a href=\"https:\/\/www.picnicproduction.com\/queenaman\">https:\/\/www.picnicproduction.com\/queenaman<\/a><\/p>\n<p><iframe loading=\"lazy\" src=\"\/\/www.youtube.com\/embed\/ze1lUv7TIpw?feature=youtu\" width=\"560\" height=\"314\" allowfullscreen=\"allowfullscreen\"><\/iframe><\/p>\n<p><iframe loading=\"lazy\" title=\"vimeo-player\" src=\"https:\/\/player.vimeo.com\/video\/501160286?h=4f23f4272d\" width=\"640\" height=\"360\" frameborder=\"0\" allowfullscreen=\"allowfullscreen\"><\/iframe><\/p>\n<hr \/>\n<p style=\"text-align: center;\"><strong>SPECTACLE EN ACC\u00c8S LIBRE SANS R\u00c9SERVATION<\/strong><\/p>\n<p style=\"text-align: center;\"><strong><a href=\"https:\/\/www3.poitiers-jeunes.com\/lesexpressifs2021\/informations-pratiques-pass-sanitaire\/\"><span style=\"text-decoration: underline;\">&gt; Informations pratiques sur le pass sanitaire &lt;<\/span><\/a><\/strong><\/p>\n<table style=\"border-collapse: collapse; width: 100%;\">\n<tbody>\n<tr>\n<td style=\"width: 49.9637%; text-align: right;\"><strong> Horaire :<\/strong><\/td>\n<td style=\"width: 50.0363%;\"><strong>Samedi 19h00<br \/>\nDimanche 15h00<\/strong><\/td>\n<\/tr>\n<tr>\n<td style=\"width: 49.9637%; text-align: right;\"><strong> Lieu :<\/strong><\/td>\n<td style=\"width: 50.0363%;\"><strong>Parc de Blossac<\/strong><\/td>\n<\/tr>\n<tr>\n<td style=\"width: 49.9637%; text-align: right;\"><strong> Dur\u00e9e :<\/strong><\/td>\n<td style=\"width: 50.0363%;\"><strong>45 min<\/strong><\/td>\n<\/tr>\n<\/tbody>\n<\/table>\n<hr \/>\n","protected":false},"excerpt":{"rendered":"<p>Queen-a-man Th\u00e9\u00e2tre de corps et d&rsquo;objets Abbaretz (44) &nbsp; Le 24 novembre 1991, Farrokh Bulsara d\u00e9c\u00e8de, des suites du Sida. Trente ans plus tard, l&rsquo;\u00e9quipe masculine de majorettes Queen-A-Man, men\u00e9e [&hellip;]<\/p>\n","protected":false},"featured_media":1293,"template":"","meta":{"_uag_custom_page_level_css":""},"product_brand":[],"product_cat":[24,25],"product_tag":[28,27],"class_list":{"0":"post-1292","1":"product","2":"type-product","3":"status-publish","4":"has-post-thumbnail","6":"product_cat-danse","7":"product_cat-theatre-de-rue","8":"product_tag-dimanche","9":"product_tag-samedi","11":"first","12":"instock","13":"shipping-taxable","14":"product-type-simple"},"uagb_featured_image_src":{"full":["http:\/\/www3.poitiers-jeunes.com\/lesexpressifs2021\/files\/2021\/09\/Queen-a-Man-\u00a9-Camille-Thouement6.jpeg",1011,443,false],"thumbnail":["http:\/\/www3.poitiers-jeunes.com\/lesexpressifs2021\/files\/2021\/09\/Queen-a-Man-\u00a9-Camille-Thouement6-150x150.jpeg",150,150,true],"medium":["http:\/\/www3.poitiers-jeunes.com\/lesexpressifs2021\/files\/2021\/09\/Queen-a-Man-\u00a9-Camille-Thouement6-300x131.jpeg",300,131,true],"medium_large":["http:\/\/www3.poitiers-jeunes.com\/lesexpressifs2021\/files\/2021\/09\/Queen-a-Man-\u00a9-Camille-Thouement6-768x337.jpeg",768,337,true],"large":["http:\/\/www3.poitiers-jeunes.com\/lesexpressifs2021\/files\/2021\/09\/Queen-a-Man-\u00a9-Camille-Thouement6.jpeg",1011,443,false],"1536x1536":["http:\/\/www3.poitiers-jeunes.com\/lesexpressifs2021\/files\/2021\/09\/Queen-a-Man-\u00a9-Camille-Thouement6.jpeg",1011,443,false],"2048x2048":["http:\/\/www3.poitiers-jeunes.com\/lesexpressifs2021\/files\/2021\/09\/Queen-a-Man-\u00a9-Camille-Thouement6.jpeg",1011,443,false],"oneline-lite-custom-blog":["http:\/\/www3.poitiers-jeunes.com\/lesexpressifs2021\/files\/2021\/09\/Queen-a-Man-\u00a9-Camille-Thouement6-275x184.jpeg",275,184,true],"oneline-lite-recent-post":["http:\/\/www3.poitiers-jeunes.com\/lesexpressifs2021\/files\/2021\/09\/Queen-a-Man-\u00a9-Camille-Thouement6-90x90.jpeg",90,90,true],"oneline-releted-post-thumb":["http:\/\/www3.poitiers-jeunes.com\/lesexpressifs2021\/files\/2021\/09\/Queen-a-Man-\u00a9-Camille-Thouement6-244x164.jpeg",244,164,true],"woocommerce_thumbnail":["http:\/\/www3.poitiers-jeunes.com\/lesexpressifs2021\/files\/2021\/09\/Queen-a-Man-\u00a9-Camille-Thouement6-300x300.jpeg",300,300,true],"woocommerce_single":["http:\/\/www3.poitiers-jeunes.com\/lesexpressifs2021\/files\/2021\/09\/Queen-a-Man-\u00a9-Camille-Thouement6-600x263.jpeg",600,263,true],"woocommerce_gallery_thumbnail":["http:\/\/www3.poitiers-jeunes.com\/lesexpressifs2021\/files\/2021\/09\/Queen-a-Man-\u00a9-Camille-Thouement6-100x100.jpeg",100,100,true],"form-edit-image-preview":["http:\/\/www3.poitiers-jeunes.com\/lesexpressifs2021\/files\/2021\/09\/Queen-a-Man-\u00a9-Camille-Thouement6-228x100.jpeg",228,100,true],"variation_swatches_image_size":["http:\/\/www3.poitiers-jeunes.com\/lesexpressifs2021\/files\/2021\/09\/Queen-a-Man-\u00a9-Camille-Thouement6.jpeg",50,22,false],"variation_swatches_tooltip_size":["http:\/\/www3.poitiers-jeunes.com\/lesexpressifs2021\/files\/2021\/09\/Queen-a-Man-\u00a9-Camille-Thouement6.jpeg",100,44,false],"che_header_image":["http:\/\/www3.poitiers-jeunes.com\/lesexpressifs2021\/files\/2021\/09\/Queen-a-Man-\u00a9-Camille-Thouement6.jpeg",1011,443,false]},"uagb_author_info":{"display_name":"admin","author_link":"http:\/\/www3.poitiers-jeunes.com\/lesexpressifs2021\/author\/"},"uagb_comment_info":0,"uagb_excerpt":"Queen-a-man Th\u00e9\u00e2tre de corps et d&rsquo;objets Abbaretz (44) &nbsp; Le 24 novembre 1991, Farrokh Bulsara d\u00e9c\u00e8de, des suites du Sida. Trente ans plus tard, l&rsquo;\u00e9quipe masculine de majorettes Queen-A-Man, men\u00e9e [&hellip;]","_links":{"self":[{"href":"http:\/\/www3.poitiers-jeunes.com\/lesexpressifs2021\/wp-json\/wp\/v2\/product\/1292","targetHints":{"allow":["GET"]}}],"collection":[{"href":"http:\/\/www3.poitiers-jeunes.com\/lesexpressifs2021\/wp-json\/wp\/v2\/product"}],"about":[{"href":"http:\/\/www3.poitiers-jeunes.com\/lesexpressifs2021\/wp-json\/wp\/v2\/types\/product"}],"wp:featuredmedia":[{"embeddable":true,"href":"http:\/\/www3.poitiers-jeunes.com\/lesexpressifs2021\/wp-json\/wp\/v2\/media\/1293"}],"wp:attachment":[{"href":"http:\/\/www3.poitiers-jeunes.com\/lesexpressifs2021\/wp-json\/wp\/v2\/media?parent=1292"}],"wp:term":[{"taxonomy":"product_brand","embeddable":true,"href":"http:\/\/www3.poitiers-jeunes.com\/lesexpressifs2021\/wp-json\/wp\/v2\/product_brand?post=1292"},{"taxonomy":"product_cat","embeddable":true,"href":"http:\/\/www3.poitiers-jeunes.com\/lesexpressifs2021\/wp-json\/wp\/v2\/product_cat?post=1292"},{"taxonomy":"product_tag","embeddable":true,"href":"http:\/\/www3.poitiers-jeunes.com\/lesexpressifs2021\/wp-json\/wp\/v2\/product_tag?post=1292"}],"curies":[{"name":"wp","href":"https:\/\/api.w.org\/{rel}","templated":true}]}}