{"id":1258,"date":"2021-09-02T12:29:50","date_gmt":"2021-09-02T10:29:50","guid":{"rendered":"http:\/\/www3.poitiers-jeunes.com\/lesexpressifs2021\/?post_type=product&#038;p=1258"},"modified":"2021-09-16T14:56:57","modified_gmt":"2021-09-16T12:56:57","slug":"cirque-entre-nous","status":"publish","type":"product","link":"http:\/\/www3.poitiers-jeunes.com\/lesexpressifs2021\/spectacle\/cirque-entre-nous\/","title":{"rendered":"Cirque Entre Nous"},"content":{"rendered":"<h2>Entre nous<\/h2>\n<p>Cirque, m\u00e2t chinois<br \/>\nCanada \/ Espagne \/ Poitiers (86)<\/p>\n<p>&nbsp;<\/p>\n<p>La compagnie Entre Nous, n\u00e9e en avril 2017, est compos\u00e9e de quatre artistes de nationalit\u00e9s diff\u00e9rentes form\u00e9s aux arts du cirque et r\u00e9unis autour d\u2019une passion pour le m\u00e2t chinois. Ensemble, ils cr\u00e9ent des ballets \u00e0 la verticale autour d\u2019une \u00e9criture collective qui raconte leurs diff\u00e9rentes humanit\u00e9s et leurs capacit\u00e9s compl\u00e9mentaires.<\/p>\n<p>Entre Nous&#8230; C&rsquo;est donner \u00e0 voir les folies de chacun et chacune, f\u00eater le plaisir d&rsquo;\u00eatre ensemble et se laisser porter par les \u00e9motions et la virtuosit\u00e9. Un spectacle de rencontres, d\u2019amiti\u00e9, de nostalgie, d\u2019humour, de musique live et d\u2019acrobaties vertigineuses.<\/p>\n<p>Ann\u00e9e de cr\u00e9ation : 2018<br \/>\nDur\u00e9e du spectacle : 1h<br \/>\n\u00c2ge minimum conseill\u00e9 : 5 ans<\/p>\n<p>Interpr\u00e8tes : Matias Plaul &#8211; Jeremias Faganel &#8211; Naomie Vogt Roby &#8211; David Ayotte<br \/>\n\u00c9criture : Cirque Entre Nous<br \/>\nChor\u00e9graphe : Lucas Condro<br \/>\nRegard ext\u00e9rieur : Florent Bergal<br \/>\nCoproductions- soutiens \u00e0 la cr\u00e9ation : Festival Montr\u00e9al Compl\u00e8tement Cirque, Cirque Entre Nous, 7Tours productions, Circus Concept,\u00a0 Embellie Bain Douche \u2013 Robiac Rochessadoule (30), Cheptel Ale\u00efkoum &#8211; Saint Agil(41), La Cigali\u00e8re \u2013 S\u00e9rignan (34)<\/p>\n<p>&nbsp;<\/p>\n<p><a href=\"http:\/\/cirque-entrenous.com\/\">http:\/\/cirque-entrenous.com\/<\/a><br \/>\n<a href=\"https:\/\/www.facebook.com\/cirqueentrenous\">https:\/\/www.facebook.com\/cirqueentrenous<\/a><\/p>\n<p><iframe loading=\"lazy\" src=\"\/\/www.youtube.com\/embed\/emNe6-v54HA\" width=\"560\" height=\"314\" allowfullscreen=\"allowfullscreen\"><\/iframe><\/p>\n<hr \/>\n<p style=\"text-align: center;\"><strong>SPECTACLE EN ACC\u00c8S LIBRE SANS R\u00c9SERVATION<\/strong><\/p>\n<p style=\"text-align: center;\"><strong><a href=\"https:\/\/www3.poitiers-jeunes.com\/lesexpressifs2021\/informations-pratiques-pass-sanitaire\/\"><span style=\"text-decoration: underline;\">&gt; Informations pratiques sur le pass sanitaire &lt;<\/span><\/a><\/strong><\/p>\n<table style=\"border-collapse: collapse; width: 100%;\">\n<tbody>\n<tr>\n<td style=\"width: 49.9637%; text-align: right;\"><strong> Horaire :<br \/>\n<\/strong><\/td>\n<td style=\"width: 50.0363%;\"><strong>Vendredi 20h00<br \/>\nSamedi 14h30<\/strong><\/td>\n<\/tr>\n<tr>\n<td style=\"width: 49.9637%; text-align: right;\"><strong> Lieu :<\/strong><\/td>\n<td style=\"width: 50.0363%;\"><strong>\u00a0Parc de Blossac<\/strong><\/td>\n<\/tr>\n<tr>\n<td style=\"width: 49.9637%; text-align: right;\"><strong> Dur\u00e9e :<\/strong><\/td>\n<td style=\"width: 50.0363%;\"><strong>\u00a01h00<\/strong><\/td>\n<\/tr>\n<\/tbody>\n<\/table>\n<hr \/>\n","protected":false},"excerpt":{"rendered":"<p>Entre nous Cirque, m\u00e2t chinois Canada \/ Espagne \/ Poitiers (86) &nbsp; La compagnie Entre Nous, n\u00e9e en avril 2017, est compos\u00e9e de quatre artistes de nationalit\u00e9s diff\u00e9rentes form\u00e9s aux [&hellip;]<\/p>\n","protected":false},"featured_media":1259,"template":"","meta":{"_uag_custom_page_level_css":""},"product_brand":[],"product_cat":[26],"product_tag":[27,30],"class_list":{"0":"post-1258","1":"product","2":"type-product","3":"status-publish","4":"has-post-thumbnail","6":"product_cat-cirque","7":"product_tag-samedi","8":"product_tag-vendredi","10":"first","11":"instock","12":"shipping-taxable","13":"product-type-simple"},"uagb_featured_image_src":{"full":["http:\/\/www3.poitiers-jeunes.com\/lesexpressifs2021\/files\/2021\/09\/7\u00a9Gaby-Merz.jpg",2048,1536,false],"thumbnail":["http:\/\/www3.poitiers-jeunes.com\/lesexpressifs2021\/files\/2021\/09\/7\u00a9Gaby-Merz-150x150.jpg",150,150,true],"medium":["http:\/\/www3.poitiers-jeunes.com\/lesexpressifs2021\/files\/2021\/09\/7\u00a9Gaby-Merz-300x225.jpg",300,225,true],"medium_large":["http:\/\/www3.poitiers-jeunes.com\/lesexpressifs2021\/files\/2021\/09\/7\u00a9Gaby-Merz-768x576.jpg",768,576,true],"large":["http:\/\/www3.poitiers-jeunes.com\/lesexpressifs2021\/files\/2021\/09\/7\u00a9Gaby-Merz-1024x768.jpg",1024,768,true],"1536x1536":["http:\/\/www3.poitiers-jeunes.com\/lesexpressifs2021\/files\/2021\/09\/7\u00a9Gaby-Merz.jpg",1536,1152,false],"2048x2048":["http:\/\/www3.poitiers-jeunes.com\/lesexpressifs2021\/files\/2021\/09\/7\u00a9Gaby-Merz.jpg",2048,1536,false],"oneline-lite-custom-blog":["http:\/\/www3.poitiers-jeunes.com\/lesexpressifs2021\/files\/2021\/09\/7\u00a9Gaby-Merz-275x184.jpg",275,184,true],"oneline-lite-recent-post":["http:\/\/www3.poitiers-jeunes.com\/lesexpressifs2021\/files\/2021\/09\/7\u00a9Gaby-Merz-90x90.jpg",90,90,true],"oneline-releted-post-thumb":["http:\/\/www3.poitiers-jeunes.com\/lesexpressifs2021\/files\/2021\/09\/7\u00a9Gaby-Merz-244x164.jpg",244,164,true],"woocommerce_thumbnail":["http:\/\/www3.poitiers-jeunes.com\/lesexpressifs2021\/files\/2021\/09\/7\u00a9Gaby-Merz-300x300.jpg",300,300,true],"woocommerce_single":["http:\/\/www3.poitiers-jeunes.com\/lesexpressifs2021\/files\/2021\/09\/7\u00a9Gaby-Merz-600x450.jpg",600,450,true],"woocommerce_gallery_thumbnail":["http:\/\/www3.poitiers-jeunes.com\/lesexpressifs2021\/files\/2021\/09\/7\u00a9Gaby-Merz-100x100.jpg",100,100,true],"form-edit-image-preview":["http:\/\/www3.poitiers-jeunes.com\/lesexpressifs2021\/files\/2021\/09\/7\u00a9Gaby-Merz-155x116.jpg",155,116,true],"variation_swatches_image_size":["http:\/\/www3.poitiers-jeunes.com\/lesexpressifs2021\/files\/2021\/09\/7\u00a9Gaby-Merz.jpg",50,38,false],"variation_swatches_tooltip_size":["http:\/\/www3.poitiers-jeunes.com\/lesexpressifs2021\/files\/2021\/09\/7\u00a9Gaby-Merz.jpg",100,75,false],"che_header_image":["http:\/\/www3.poitiers-jeunes.com\/lesexpressifs2021\/files\/2021\/09\/7\u00a9Gaby-Merz.jpg",2048,1536,false]},"uagb_author_info":{"display_name":"admin","author_link":"http:\/\/www3.poitiers-jeunes.com\/lesexpressifs2021\/author\/"},"uagb_comment_info":0,"uagb_excerpt":"Entre nous Cirque, m\u00e2t chinois Canada \/ Espagne \/ Poitiers (86) &nbsp; La compagnie Entre Nous, n\u00e9e en avril 2017, est compos\u00e9e de quatre artistes de nationalit\u00e9s diff\u00e9rentes form\u00e9s aux [&hellip;]","_links":{"self":[{"href":"http:\/\/www3.poitiers-jeunes.com\/lesexpressifs2021\/wp-json\/wp\/v2\/product\/1258","targetHints":{"allow":["GET"]}}],"collection":[{"href":"http:\/\/www3.poitiers-jeunes.com\/lesexpressifs2021\/wp-json\/wp\/v2\/product"}],"about":[{"href":"http:\/\/www3.poitiers-jeunes.com\/lesexpressifs2021\/wp-json\/wp\/v2\/types\/product"}],"wp:featuredmedia":[{"embeddable":true,"href":"http:\/\/www3.poitiers-jeunes.com\/lesexpressifs2021\/wp-json\/wp\/v2\/media\/1259"}],"wp:attachment":[{"href":"http:\/\/www3.poitiers-jeunes.com\/lesexpressifs2021\/wp-json\/wp\/v2\/media?parent=1258"}],"wp:term":[{"taxonomy":"product_brand","embeddable":true,"href":"http:\/\/www3.poitiers-jeunes.com\/lesexpressifs2021\/wp-json\/wp\/v2\/product_brand?post=1258"},{"taxonomy":"product_cat","embeddable":true,"href":"http:\/\/www3.poitiers-jeunes.com\/lesexpressifs2021\/wp-json\/wp\/v2\/product_cat?post=1258"},{"taxonomy":"product_tag","embeddable":true,"href":"http:\/\/www3.poitiers-jeunes.com\/lesexpressifs2021\/wp-json\/wp\/v2\/product_tag?post=1258"}],"curies":[{"name":"wp","href":"https:\/\/api.w.org\/{rel}","templated":true}]}}